{"version":"1.0","provider_name":"Aeropole","provider_url":"https:\/\/temp.kansleri.fi\/fi\/","author_name":"Olli Talso","author_url":"https:\/\/temp.kansleri.fi\/fi\/author\/olli\/","title":"L\u00e4hiopetuksen aikataulut vuodelle 2021 julkaistu - Aeropole","type":"rich","width":600,"height":338,"html":"<blockquote class=\"wp-embedded-content\" data-secret=\"qDtmHY4LvK\"><a href=\"https:\/\/temp.kansleri.fi\/fi\/lahiopetuksen-aikataulut-vuodelle-2021-julkaistu\/\">L\u00e4hiopetuksen aikataulut vuodelle 2021 julkaistu<\/a><\/blockquote><iframe sandbox=\"allow-scripts\" security=\"restricted\" src=\"https:\/\/temp.kansleri.fi\/fi\/lahiopetuksen-aikataulut-vuodelle-2021-julkaistu\/embed\/#?secret=qDtmHY4LvK\" width=\"600\" height=\"338\" title=\"&#8221;L\u00e4hiopetuksen aikataulut vuodelle 2021 julkaistu&#8221; &#8212; Aeropole\" data-secret=\"qDtmHY4LvK\" frameborder=\"0\" marginwidth=\"0\" marginheight=\"0\" scrolling=\"no\" class=\"wp-embedded-content\"><\/iframe><script type=\"text\/javascript\">\n\/* <![CDATA[ *\/\n\/*! This file is auto-generated *\/\n!function(d,l){\"use strict\";l.querySelector&&d.addEventListener&&\"undefined\"!=typeof URL&&(d.wp=d.wp||{},d.wp.receiveEmbedMessage||(d.wp.receiveEmbedMessage=function(e){var t=e.data;if((t||t.secret||t.message||t.value)&&!\/[^a-zA-Z0-9]\/.test(t.secret)){for(var s,r,n,a=l.querySelectorAll('iframe[data-secret=\"'+t.secret+'\"]'),o=l.querySelectorAll('blockquote[data-secret=\"'+t.secret+'\"]'),c=new RegExp(\"^https?:$\",\"i\"),i=0;i<o.length;i++)o[i].style.display=\"none\";for(i=0;i<a.length;i++)s=a[i],e.source===s.contentWindow&&(s.removeAttribute(\"style\"),\"height\"===t.message?(1e3<(r=parseInt(t.value,10))?r=1e3:~~r<200&&(r=200),s.height=r):\"link\"===t.message&&(r=new URL(s.getAttribute(\"src\")),n=new URL(t.value),c.test(n.protocol))&&n.host===r.host&&l.activeElement===s&&(d.top.location.href=t.value))}},d.addEventListener(\"message\",d.wp.receiveEmbedMessage,!1),l.addEventListener(\"DOMContentLoaded\",function(){for(var e,t,s=l.querySelectorAll(\"iframe.wp-embedded-content\"),r=0;r<s.length;r++)(t=(e=s[r]).getAttribute(\"data-secret\"))||(t=Math.random().toString(36).substring(2,12),e.src+=\"#?secret=\"+t,e.setAttribute(\"data-secret\",t)),e.contentWindow.postMessage({message:\"ready\",secret:t},\"*\")},!1)))}(window,document);\n\/\/# sourceURL=https:\/\/temp.kansleri.fi\/wp-includes\/js\/wp-embed.min.js\n\/* ]]> *\/\n<\/script>\n","description":"Olemme julkaisseet ATPL\/CPL\/IR-l\u00e4hiopetuksen aikataulut vuodelle 2021. J\u00e4rjest\u00e4mme kahdeksan l\u00e4hiopetusjaksoa, jotta jokainen saa sovitettua opiskelun omaan kalenteriinsa! Voit k\u00e4yd\u00e4 katsomassa tulevan aikataulun t\u00e4\u00e4lt\u00e4 ja aloittaa seuraavan vuoden suunnittelun. Nyt on my\u00f6s erinomainen hetki aloittaa seuraavat ilmailuopinnot ja kehitt\u00e4\u00e4 omaa osaamista!"}